{"id":26281,"date":"2023-05-09T16:44:36","date_gmt":"2023-05-09T15:44:36","guid":{"rendered":"http:\/\/llevantactualitat.cat\/podcast-de-la-jungla-de-la-torre-con-albert-jansa-i-jordi-salvat\/"},"modified":"2023-05-09T16:44:36","modified_gmt":"2023-05-09T15:44:36","slug":"podcast-de-la-jungla-de-la-torre-con-albert-jansa-i-jordi-salvat","status":"publish","type":"page","link":"https:\/\/llevantactualitat.cat\/es\/podcast-de-la-jungla-de-la-torre-con-albert-jansa-i-jordi-salvat\/","title":{"rendered":"Podcast de &#8216;La Jungla de la Torre&#8217;, con Albert Jans\u00e0 i Jordi Salvat"},"content":{"rendered":"<p>&nbsp;<\/p>\n\n<p>&#8216;La Jungla de la Torre&#8217; es el <strong>primer podcast del Torredembarra Actualitat<\/strong>, conducido por los periodistas Albert Jans\u00e0 y Jordi Salvat. Se trata de un espacio de radio ameno donde la actualidad local se mezcla con buen sentido del humor y el entretenimiento. Adem\u00e1s de los conductores del programa, la &#8216;Jungla de la Torre&#8217; cuenta con los colaboradores Guillem Bargall\u00f3, con la secci\u00f3n &#8216;Tal dia far\u00e0 un any&#8217;; Gerard Recasens, con &#8216;Els reis de la jungla&#8217;, y Anna Merino, con &#8216;El llibre de la selva&#8217;.<\/p>\n<p style=\"text-align: left;\"><img loading=\"lazy\" decoding=\"async\" class=\"alignleft wp-image-9822 size-medium\" src=\"https:\/\/llevantactualitat.cat\/wp-content\/uploads\/2021\/07\/baner_caratula_jungla-300x236.jpg\" alt=\"\" width=\"300\" height=\"236\"><\/p>\n<p>&nbsp;<\/p>\n<p>&nbsp;<\/p>\n<p>&nbsp;<\/p>\n<p>&nbsp;<\/p>\n<p>&nbsp;<\/p>\n<p><strong>Programa 17. Diciembre de 2022<\/strong><\/p>\n<p><img loading=\"lazy\" decoding=\"async\" class=\"alignnone size-medium wp-image-17955\" src=\"https:\/\/llevantactualitat.cat\/wp-content\/uploads\/2022\/12\/1671023146490-1-290x300.jpg\" alt=\"\" width=\"290\" height=\"300\"><\/p>\n<p>En el decimos\u00e9ptimo cap\u00edtulo de <a href=\"https:\/\/llevantactualitat.cat\/podcast-de-la-jungla-de-la-torre-amb-albert-jansa-i-jordi-salvat\/\"><em>La Jungla de la Torre<\/em><\/a>, entrevistamos a Eliott Mounoud, el mejor portero del mundo de f\u00fatbol playa los \u00faltimos dos a\u00f1os. Ana Merino recomienda un libro al invitado y Gerard Recasens nos trae otro personaje de Torredembarra en \u2018El Rei de la Jungla\u2019.<\/p>\n<!--[if lt IE 9]><script>document.createElement('audio');<\/script><![endif]-->\n<audio class=\"wp-audio-shortcode\" id=\"audio-26281-1\" preload=\"none\" style=\"width: 100%;\" controls=\"controls\"><source type=\"audio\/mpeg\" src=\"https:\/\/llevantactualitat.cat\/wp-content\/uploads\/2022\/12\/17-la-jungla-de-la-torre-desembre-2022-eliott-manoud.mp3?_=1\" \/><a href=\"https:\/\/llevantactualitat.cat\/wp-content\/uploads\/2022\/12\/17-la-jungla-de-la-torre-desembre-2022-eliott-manoud.mp3\">https:\/\/llevantactualitat.cat\/wp-content\/uploads\/2022\/12\/17-la-jungla-de-la-torre-desembre-2022-eliott-manoud.mp3<\/a><\/audio>\n<p>&nbsp;<\/p>\n<p><strong>Programa 16. Noviembre de 2022<\/strong><\/p>\n<p><img loading=\"lazy\" decoding=\"async\" class=\"alignnone size-medium wp-image-17468\" src=\"https:\/\/llevantactualitat.cat\/wp-content\/uploads\/2022\/11\/16-podcast-maite-montana-1-300x256.jpg\" alt=\"\" width=\"300\" height=\"256\"><\/p>\n<p>En el decimosexto cap\u00edtulo de <a href=\"https:\/\/llevantactualitat.cat\/podcast-de-la-jungla-de-la-torre-amb-albert-jansa-i-jordi-salvat\/\"><em>La Jungla de la Torre<\/em><\/a>, entrevistamos a Maite Monta\u00f1a, la mejor atleta torrenca de los a\u00f1os ochenta y noventa. Ana Merino recomienda un libro a la invitada y Gerard Recasens nos trae otro personaje del Baix Gai\u00e0 en \u2018El Rei de la Jungla\u2019.<\/p>\n<audio class=\"wp-audio-shortcode\" id=\"audio-26281-2\" preload=\"none\" style=\"width: 100%;\" controls=\"controls\"><source type=\"audio\/mpeg\" src=\"https:\/\/llevantactualitat.cat\/wp-content\/uploads\/2022\/11\/16-la-jungla-de-la-torre-novembre-2022-maite-montana-online-audio-convertercom.mp3?_=2\" \/><a href=\"https:\/\/llevantactualitat.cat\/wp-content\/uploads\/2022\/11\/16-la-jungla-de-la-torre-novembre-2022-maite-montana-online-audio-convertercom.mp3\">https:\/\/llevantactualitat.cat\/wp-content\/uploads\/2022\/11\/16-la-jungla-de-la-torre-novembre-2022-maite-montana-online-audio-convertercom.mp3<\/a><\/audio>\n<p>&nbsp;<\/p>\n<p><strong>Programa 15. Octubre de 2022<\/strong><\/p>\n<p><img loading=\"lazy\" decoding=\"async\" class=\"alignnone size-medium wp-image-16972\" src=\"https:\/\/llevantactualitat.cat\/wp-content\/uploads\/2022\/10\/16-ma-marchal-podcast-300x283.jpg\" alt=\"\" width=\"300\" height=\"283\"><\/p>\n<p>En el decimoquinto cap\u00edtulo de <a href=\"https:\/\/llevantactualitat.cat\/podcast-de-la-jungla-de-la-torre-amb-albert-jansa-i-jordi-salvat\/\"><em>La Jungla de la Torre<\/em><\/a>, entrevistamos a Miquel \u00c0ngel Marchal, jefe de la Polic\u00eda Local de Torredembarra. Ana Merino recomienda un libro al invitado y Gerard Recasens nos trae otro personaje de Torredembarra en \u2018El Rei de la Jungla\u2019.<\/p>\n<audio class=\"wp-audio-shortcode\" id=\"audio-26281-3\" preload=\"none\" style=\"width: 100%;\" controls=\"controls\"><source type=\"audio\/mpeg\" src=\"https:\/\/llevantactualitat.cat\/wp-content\/uploads\/2022\/10\/15-la-jungla-de-la-torre-ocutubre-2022-miquel-angel-marchal.mp3?_=3\" \/><a href=\"https:\/\/llevantactualitat.cat\/wp-content\/uploads\/2022\/10\/15-la-jungla-de-la-torre-ocutubre-2022-miquel-angel-marchal.mp3\">https:\/\/llevantactualitat.cat\/wp-content\/uploads\/2022\/10\/15-la-jungla-de-la-torre-ocutubre-2022-miquel-angel-marchal.mp3<\/a><\/audio>\n<p>&nbsp;<\/p>\n<p><strong>Programa 14. Septiembre de 2022<\/strong><\/p>\n<p><img loading=\"lazy\" decoding=\"async\" class=\"alignnone size-medium wp-image-16566\" src=\"https:\/\/llevantactualitat.cat\/wp-content\/uploads\/2022\/09\/11-podcast-raquel-gamez-298x300.jpg\" alt=\"\" width=\"298\" height=\"300\"><\/p>\n<p>En el decimocuarto cap\u00edtulo de <a href=\"https:\/\/llevantactualitat.cat\/podcast-de-la-jungla-de-la-torre-amb-albert-jansa-i-jordi-salvat\/\"><em>La Jungla de la Torre<\/em><\/a>, entrevistamos a Raquel G\u00e1mez Serrano, escritora y comisaria del Festival Creixell. Crims. Ana Merino recomienda un libro a la invitada y Gerard Recasens ser\u00e1 esta vez \u2018El Rei de la Jungla\u2019.<\/p>\n<audio class=\"wp-audio-shortcode\" id=\"audio-26281-4\" preload=\"none\" style=\"width: 100%;\" controls=\"controls\"><source type=\"audio\/mpeg\" src=\"https:\/\/llevantactualitat.cat\/wp-content\/uploads\/2022\/09\/14-la-jungla-de-la-torre-setembre-2022-raquel-gamez-online-audio-convertercom.mp3?_=4\" \/><a href=\"https:\/\/llevantactualitat.cat\/wp-content\/uploads\/2022\/09\/14-la-jungla-de-la-torre-setembre-2022-raquel-gamez-online-audio-convertercom.mp3\">https:\/\/llevantactualitat.cat\/wp-content\/uploads\/2022\/09\/14-la-jungla-de-la-torre-setembre-2022-raquel-gamez-online-audio-convertercom.mp3<\/a><\/audio>\n<p>&nbsp;<\/p>\n<p><strong>Programa 13, Julio de 2022<\/strong><\/p>\n<p><img loading=\"lazy\" decoding=\"async\" class=\"alignnone size-medium wp-image-15653\" src=\"https:\/\/llevantactualitat.cat\/wp-content\/uploads\/2022\/07\/isabel-escobar-1-293x300.jpg\" alt=\"\" width=\"293\" height=\"300\"><\/p>\n<p>En el decimotercero cap\u00edtulo y \u00faltimo de la temporada 2021-22 de La Jungla de la Torre, entrevistamos a la maestra y directora de la Escuela La Antina, Isabel Escobar. Descubrimos como lleg\u00f3 a Torredembarra hace casi treinta a\u00f1os y hablamos de la situaci\u00f3n del sector de la educaci\u00f3n, entre otras muchas cosas. La Anna Merino nos recomienda un libro al invitado y Guillem Bargall\u00f3 i Gerard Recasens nos ofrecen tambi\u00e9n sus secciones.<\/p>\n<audio class=\"wp-audio-shortcode\" id=\"audio-26281-5\" preload=\"none\" style=\"width: 100%;\" controls=\"controls\"><source type=\"audio\/mpeg\" src=\"https:\/\/llevantactualitat.cat\/wp-content\/uploads\/2022\/07\/13-la-jungla-de-la-torre-juliol-2022-isabel-escobar.mp3?_=5\" \/><a href=\"https:\/\/llevantactualitat.cat\/wp-content\/uploads\/2022\/07\/13-la-jungla-de-la-torre-juliol-2022-isabel-escobar.mp3\">https:\/\/llevantactualitat.cat\/wp-content\/uploads\/2022\/07\/13-la-jungla-de-la-torre-juliol-2022-isabel-escobar.mp3<\/a><\/audio>\n<p>&nbsp;<\/p>\n<p><strong>Programa 12, Junio de 2022<\/strong><\/p>\n<p><img loading=\"lazy\" decoding=\"async\" class=\"alignnone size-medium wp-image-15196\" src=\"https:\/\/llevantactualitat.cat\/wp-content\/uploads\/2022\/06\/20-salvador-castells-300x300.jpg\" alt=\"\" width=\"300\" height=\"300\"><\/p>\n<p>En el doceavo cap\u00edtulo de La Jungla de la Torre, entrevistamos a Salvador Castells, ex-trabajador de la Pirelli durante 28 a\u00f1os, fundador de la tienda \u2018Capritxos\u2019 y padre de la atleta tri-ol\u00edmpica Berta Castells. Ana Merino recomienda un libro al invitado y Jordi Salvat hace excepcionalmente la secci\u00f3n que habitualmente nos ofrece Guillem Bargall\u00f3.<\/p>\n<audio class=\"wp-audio-shortcode\" id=\"audio-26281-6\" preload=\"none\" style=\"width: 100%;\" controls=\"controls\"><source type=\"audio\/mpeg\" src=\"https:\/\/llevantactualitat.cat\/wp-content\/uploads\/2022\/06\/12-la-jungla-de-la-torre-maig-2022-salvador-castells-online-audio-convertercom-1.mp3?_=6\" \/><a href=\"https:\/\/llevantactualitat.cat\/wp-content\/uploads\/2022\/06\/12-la-jungla-de-la-torre-maig-2022-salvador-castells-online-audio-convertercom-1.mp3\">https:\/\/llevantactualitat.cat\/wp-content\/uploads\/2022\/06\/12-la-jungla-de-la-torre-maig-2022-salvador-castells-online-audio-convertercom-1.mp3<\/a><\/audio>\n<p>&nbsp;<\/p>\n<p><strong>Programa 11. Mayo de 2022<\/strong><\/p>\n<p>El und\u00e9cimo cap\u00edtulo de <a href=\"https:\/\/llevantactualitat.cat\/podcast-de-la-jungla-de-la-torre-amb-albert-jansa-i-jordi-salvat\/\"><em>La Jungla de la Torre<\/em><\/a>, entrevistamos el piloto de bike trial \u00c0ngel Batlle. Ana Merino recomienda un libro al invitado y Jordi Salvat hace excepcionalmente la secci\u00f3n que habitualmente nos ofrece Guillem Bargall\u00f3.<\/p>\n<p><img loading=\"lazy\" decoding=\"async\" class=\"alignnone size-medium wp-image-14594\" src=\"https:\/\/llevantactualitat.cat\/wp-content\/uploads\/2022\/05\/1652364428090-1-300x281.jpg\" alt=\"\" width=\"300\" height=\"281\"><\/p>\n<audio class=\"wp-audio-shortcode\" id=\"audio-26281-7\" preload=\"none\" style=\"width: 100%;\" controls=\"controls\"><source type=\"audio\/mpeg\" src=\"https:\/\/llevantactualitat.cat\/wp-content\/uploads\/2022\/05\/11-la-jungla-de-la-torre-maig-2022-angel-batlle-online-audio-convertercom.mp3?_=7\" \/><a href=\"https:\/\/llevantactualitat.cat\/wp-content\/uploads\/2022\/05\/11-la-jungla-de-la-torre-maig-2022-angel-batlle-online-audio-convertercom.mp3\">https:\/\/llevantactualitat.cat\/wp-content\/uploads\/2022\/05\/11-la-jungla-de-la-torre-maig-2022-angel-batlle-online-audio-convertercom.mp3<\/a><\/audio>\n<p>&nbsp;<\/p>\n<p><strong>Programa 10. Abril de 2022<\/strong><\/p>\n<p>En el d\u00e9cimo cap\u00edtulo de <a href=\"https:\/\/llevantactualitat.cat\/podcast-de-la-jungla-de-la-torre-amb-albert-jansa-i-jordi-salvat\/\"><em>La Jungla de la Torre<\/em><\/a>, entrevistamos a la cantante y activista Sol Baker, Contamos, adem\u00e1s, con las secciones de Guillem Bargall\u00f3, Gerard Recasens y Ana Merino, que recomendar\u00e1 un libro a la invitada.<\/p>\n<p><img loading=\"lazy\" decoding=\"async\" class=\"alignnone size-medium wp-image-14146\" src=\"https:\/\/llevantactualitat.cat\/wp-content\/uploads\/2022\/04\/sol-baker-1-300x266.jpg\" alt=\"\" width=\"300\" height=\"266\"><\/p>\n<audio class=\"wp-audio-shortcode\" id=\"audio-26281-8\" preload=\"none\" style=\"width: 100%;\" controls=\"controls\"><source type=\"audio\/mpeg\" src=\"https:\/\/llevantactualitat.cat\/wp-content\/uploads\/2022\/04\/10-la-jungla-de-la-torre-abril-2022-sol-baker.mp3?_=8\" \/><a href=\"https:\/\/llevantactualitat.cat\/wp-content\/uploads\/2022\/04\/10-la-jungla-de-la-torre-abril-2022-sol-baker.mp3\">https:\/\/llevantactualitat.cat\/wp-content\/uploads\/2022\/04\/10-la-jungla-de-la-torre-abril-2022-sol-baker.mp3<\/a><\/audio>\n<p>&nbsp;<\/p>\n<p><strong>Programa 9. Marzo de 2022<\/strong><\/p>\n<p>En el noveno cap\u00edtulo de <a href=\"https:\/\/llevantactualitat.cat\/podcast-de-la-jungla-de-la-torre-amb-albert-jansa-i-jordi-salvat\/\"><em>La Jungla de la Torre<\/em><\/a>, entrevistamos al tercer teniente de alcalde del Ayuntamiento de Torredembarra y regidor de Deporte, V\u00eda P\u00fablica y Mantenimiento, y Fiestas, Ra\u00fal Garc\u00eda. Contamos, adem\u00e1s, con las secciones de Guillem Bargall\u00f3, Gerard Recasens y Ana Merino, que recomendar\u00e1 un libro al invitado.<\/p>\n<p><img loading=\"lazy\" decoding=\"async\" class=\"alignnone size-medium wp-image-13643\" src=\"https:\/\/llevantactualitat.cat\/wp-content\/uploads\/2022\/03\/20-raul-garcia-261x300.jpg\" alt=\"\" width=\"261\" height=\"300\"><\/p>\n<audio class=\"wp-audio-shortcode\" id=\"audio-26281-9\" preload=\"none\" style=\"width: 100%;\" controls=\"controls\"><source type=\"audio\/mpeg\" src=\"https:\/\/llevantactualitat.cat\/wp-content\/uploads\/2022\/03\/9-la-jungla-de-la-torre-marc-2022-raul-garcia.mp3?_=9\" \/><a href=\"https:\/\/llevantactualitat.cat\/wp-content\/uploads\/2022\/03\/9-la-jungla-de-la-torre-marc-2022-raul-garcia.mp3\">https:\/\/llevantactualitat.cat\/wp-content\/uploads\/2022\/03\/9-la-jungla-de-la-torre-marc-2022-raul-garcia.mp3<\/a><\/audio>\n<p>&nbsp;<\/p>\n<p><strong>Programa 8. Febrero de 2022<\/strong><\/p>\n<p>En el octavo cap\u00edtulo de <a href=\"https:\/\/llevantactualitat.cat\/podcast-de-la-jungla-de-la-torre-amb-albert-jansa-i-jordi-salvat\/\"><em>La Jungla de la Torre<\/em><\/a>, entrevistamos a la psic\u00f3loga Imma Sagrera. Nacida en Barcelona, reside en Torredembarra desde hace m\u00e1s de cuarenta a\u00f1os. Madre de dos hijas y dos hijos, tambi\u00e9n es una gran forofa del tenis. Contamos con las secciones de Guilem Bargall\u00f3, que nos recordar\u00e1 tres fechas en vez de una, y Ana Merino, que recomendar\u00e1 un libro a la invitada.<\/p>\n<p><img loading=\"lazy\" decoding=\"async\" class=\"alignnone size-medium wp-image-13202\" src=\"https:\/\/llevantactualitat.cat\/wp-content\/uploads\/2022\/02\/imma-sagrera-bona-300x269.jpg\" alt=\"\" width=\"300\" height=\"269\"><\/p>\n<audio class=\"wp-audio-shortcode\" id=\"audio-26281-10\" preload=\"none\" style=\"width: 100%;\" controls=\"controls\"><source type=\"audio\/mpeg\" src=\"https:\/\/llevantactualitat.cat\/wp-content\/uploads\/2022\/02\/8-la-jungla-de-la-torre-febrer-2022-imma-sagrera.mp3?_=10\" \/><a href=\"https:\/\/llevantactualitat.cat\/wp-content\/uploads\/2022\/02\/8-la-jungla-de-la-torre-febrer-2022-imma-sagrera.mp3\">https:\/\/llevantactualitat.cat\/wp-content\/uploads\/2022\/02\/8-la-jungla-de-la-torre-febrer-2022-imma-sagrera.mp3<\/a><\/audio>\n<p>&nbsp;<\/p>\n<p><strong>Programa 7. Enero de 2022<\/strong><\/p>\n<p>En el s\u00e9ptimo cap\u00edtulo de <a href=\"https:\/\/llevantactualitat.cat\/podcast-de-la-jungla-de-la-torre-amb-albert-jansa-i-jordi-salvat\/\"><em>La Jungla de la Torre<\/em><\/a>, entrevistamos al abogado penalista y profesor de la URV Carles Perdiguero. Nacido en Barcelona el 1974, reside en el n\u00facleo antiguo de Torredembarra desde hace un mont\u00f3n de a\u00f1os. Tambi\u00e9n lo podemos ver haciendo de capit\u00e1n en el Ball de Gitanes y fue portavoz de la Plataforma Salvem Els Muntanyans. Contamos con las secciones de Gerard Recasens, que habla con Jordi Roig Morera, y Ana Merino, que recomendar\u00e1 un libro al invitado.<\/p>\n<p><img loading=\"lazy\" decoding=\"async\" class=\"alignnone size-medium wp-image-12830\" src=\"https:\/\/llevantactualitat.cat\/wp-content\/uploads\/2022\/01\/perdi-300x265.jpg\" alt=\"\" width=\"300\" height=\"265\" srcset=\"https:\/\/llevantactualitat.cat\/wp-content\/uploads\/2022\/01\/perdi-300x265.jpg 300w, https:\/\/llevantactualitat.cat\/wp-content\/uploads\/2022\/01\/perdi-150x133.jpg 150w, https:\/\/llevantactualitat.cat\/wp-content\/uploads\/2022\/01\/perdi-102x90.jpg 102w, https:\/\/llevantactualitat.cat\/wp-content\/uploads\/2022\/01\/perdi-283x250.jpg 283w, https:\/\/llevantactualitat.cat\/wp-content\/uploads\/2022\/01\/perdi-68x60.jpg 68w, https:\/\/llevantactualitat.cat\/wp-content\/uploads\/2022\/01\/perdi.jpg 337w\" sizes=\"auto, (max-width: 300px) 100vw, 300px\" \/><\/p>\n<audio class=\"wp-audio-shortcode\" id=\"audio-26281-11\" preload=\"none\" style=\"width: 100%;\" controls=\"controls\"><source type=\"audio\/mpeg\" src=\"https:\/\/llevantactualitat.cat\/wp-content\/uploads\/2022\/01\/7-la-jungla-de-la-torre-gener-2022-carles-perdiguero.mp3?_=11\" \/><a href=\"https:\/\/llevantactualitat.cat\/wp-content\/uploads\/2022\/01\/7-la-jungla-de-la-torre-gener-2022-carles-perdiguero.mp3\">https:\/\/llevantactualitat.cat\/wp-content\/uploads\/2022\/01\/7-la-jungla-de-la-torre-gener-2022-carles-perdiguero.mp3<\/a><\/audio>\n<p>&nbsp;<\/p>\n<p><strong>Programa 6. Diciembre de 2021<\/strong><\/p>\n<p>En el sexto cap\u00edtulo de <a href=\"https:\/\/llevantactualitat.cat\/podcast-de-la-jungla-de-la-torre-amb-albert-jansa-i-jordi-salvat\/\"><em>La Jungla de la Torre<\/em><\/a>, entrevistamos a \u00c0urea Rodr\u00edguez. Bioqu\u00edmica y actual gerente del Eurecat en el Camp de Tarragona y Terres de l&#8217;Ebre, hace unos meses vivi\u00f3 una aventura pol\u00edtica. Una torrenca fue cabeza de lista por la circunscripci\u00f3n de Tarragona. Contamos nuevamente con nuestros colaboradores: Guillem Bargall\u00f3 nos descubrir\u00e1 que pas\u00f3 el 1 de enero del 2000; Gerard Recasens habla con Jordi Roig Morera y Ana Merino recomendar\u00e1 un libro a la invitada.<\/p>\n<p><img loading=\"lazy\" decoding=\"async\" class=\"wp-image-12481 size-medium alignleft\" src=\"https:\/\/llevantactualitat.cat\/wp-content\/uploads\/2021\/12\/20211223-215503-300x234.jpg\" alt=\"\" width=\"300\" height=\"234\"><\/p>\n<p>&nbsp;<\/p>\n<audio class=\"wp-audio-shortcode\" id=\"audio-26281-12\" preload=\"none\" style=\"width: 100%;\" controls=\"controls\"><source type=\"audio\/mpeg\" src=\"https:\/\/llevantactualitat.cat\/wp-content\/uploads\/2021\/12\/6-la-jungla-de-la-torre-desembre-2021-aurea-rodriguez.mp3?_=12\" \/><a href=\"https:\/\/llevantactualitat.cat\/wp-content\/uploads\/2021\/12\/6-la-jungla-de-la-torre-desembre-2021-aurea-rodriguez.mp3\">https:\/\/llevantactualitat.cat\/wp-content\/uploads\/2021\/12\/6-la-jungla-de-la-torre-desembre-2021-aurea-rodriguez.mp3<\/a><\/audio>\n<p>&nbsp;<\/p>\n<p><strong>Programa 5. Noviembre de 2021<\/strong><\/p>\n<p>En el quinto cap\u00edtulo de <a href=\"https:\/\/llevantactualitat.cat\/podcast-de-la-jungla-de-la-torre-amb-albert-jansa-i-jordi-salvat\/\"><em>La Jungla de la Torre<\/em><\/a>, entrevistamos a Lloren\u00e7 G\u00f3mez. Con \u00e9l hablamos de f\u00fatbol playa y tambi\u00e9n de la vida, en un momento de cambio para el deportista de Torredembarra, que hace pocas semanas que se ha retirado y ha iniciado una nueva etapa como entrenador. Contamos nuevamente con nuestros colaboradores: Guillem Bargall\u00f3 nos hablar\u00e1 del d\u00eda que un torrenc le marc\u00f3 un gol al Real Madrid; Gerard Recasens habla con Bad\u00f3 Ca\u00f1ellas y Ana Merino recomendar\u00e1 un libro al invitado.<\/p>\n<p><img loading=\"lazy\" decoding=\"async\" class=\"alignnone size-medium wp-image-11772\" src=\"https:\/\/llevantactualitat.cat\/wp-content\/uploads\/2021\/11\/llorenc-gomez-300x224.jpg\" alt=\"\" width=\"300\" height=\"224\"><\/p>\n<audio class=\"wp-audio-shortcode\" id=\"audio-26281-13\" preload=\"none\" style=\"width: 100%;\" controls=\"controls\"><source type=\"audio\/mpeg\" src=\"https:\/\/llevantactualitat.cat\/wp-content\/uploads\/2021\/11\/5-la-jungla-de-la-torre-novembre-2021-llorenc-gomez-leon.mp3?_=13\" \/><a href=\"https:\/\/llevantactualitat.cat\/wp-content\/uploads\/2021\/11\/5-la-jungla-de-la-torre-novembre-2021-llorenc-gomez-leon.mp3\">https:\/\/llevantactualitat.cat\/wp-content\/uploads\/2021\/11\/5-la-jungla-de-la-torre-novembre-2021-llorenc-gomez-leon.mp3<\/a><\/audio>\n<p>&nbsp;<\/p>\n<p><strong>Programa 4. Octubre de 2021<\/strong><\/p>\n<p>En el cuarto cap\u00edtulo de <a href=\"https:\/\/llevantactualitat.cat\/podcast-de-la-jungla-de-la-torre-amb-albert-jansa-i-jordi-salvat\/\"><em>La Jungla de la Torre<\/em><\/a>, entrevistamos a Clara Prats. Con ella hablamos alrededor de sus investigaciones relacionadas con el Covid-19 y conoceremos tambi\u00e9n la vertiente m\u00e1s personal de esta f\u00edsica que fue la pregonera de la \u00faltima Fiesta Mayor de Santa Rosalia. Contamos nuevamente con nuestros colaboradores: Guillem Bargall\u00f3 nos descubrir\u00e1 que pas\u00f3 en dos fechas de mediados de siglo XIX; Gerard Recasens habla con Gerard Cur\u00f3 y Ana Merino recomendar\u00e1 un libro a la invitada.<\/p>\n<p><img loading=\"lazy\" decoding=\"async\" class=\"alignnone size-medium wp-image-11383\" src=\"https:\/\/llevantactualitat.cat\/wp-content\/uploads\/2021\/10\/clara-prats-soler-1-300x169.jpg\" alt=\"\" width=\"300\" height=\"169\"><\/p>\n<audio class=\"wp-audio-shortcode\" id=\"audio-26281-14\" preload=\"none\" style=\"width: 100%;\" controls=\"controls\"><source type=\"audio\/mpeg\" src=\"https:\/\/llevantactualitat.cat\/wp-content\/uploads\/2021\/10\/4-la-jungla-de-la-torre-octubre-2021-clara-prats.mp3?_=14\" \/><a href=\"https:\/\/llevantactualitat.cat\/wp-content\/uploads\/2021\/10\/4-la-jungla-de-la-torre-octubre-2021-clara-prats.mp3\">https:\/\/llevantactualitat.cat\/wp-content\/uploads\/2021\/10\/4-la-jungla-de-la-torre-octubre-2021-clara-prats.mp3<\/a><\/audio>\n<p>&nbsp;<\/p>\n<p><strong>Programa 3. Septiembre de 2021<\/strong><\/p>\n<p>En el tercer cap\u00edtulo de <a href=\"https:\/\/llevantactualitat.cat\/podcast-de-la-jungla-de-la-torre-amb-albert-jansa-i-jordi-salvat\/\"><em>La Jungla de la Torre<\/em><\/a>, entrevistamos a Jordi Su\u00f1\u00e9. Con \u00e9l hablamos de m\u00fasica, de historia, de antropolog\u00eda, de Torredembarra, en definitiva. Contaremos nuevamente con nuestros colaboradores: Guillem Bargall\u00f3 nos descubrir\u00e1 que pas\u00f3 el 18 de enero de 1925; Gerard Recasens habla con el exalcalde Enric Grangel y Ana Merino recomendar\u00e1 un libro al invitado.<\/p>\n<p><img loading=\"lazy\" decoding=\"async\" class=\"alignnone size-medium wp-image-10956\" src=\"https:\/\/llevantactualitat.cat\/wp-content\/uploads\/2021\/09\/jordi-sune-horit-300x225.jpg\" alt=\"\" width=\"300\" height=\"225\"><\/p>\n<audio class=\"wp-audio-shortcode\" id=\"audio-26281-15\" preload=\"none\" style=\"width: 100%;\" controls=\"controls\"><source type=\"audio\/mpeg\" src=\"https:\/\/llevantactualitat.cat\/wp-content\/uploads\/2021\/09\/3-la-jungla-de-la-torre-setembre-2021-jordi-sune-morales.mp3?_=15\" \/><a href=\"https:\/\/llevantactualitat.cat\/wp-content\/uploads\/2021\/09\/3-la-jungla-de-la-torre-setembre-2021-jordi-sune-morales.mp3\">https:\/\/llevantactualitat.cat\/wp-content\/uploads\/2021\/09\/3-la-jungla-de-la-torre-setembre-2021-jordi-sune-morales.mp3<\/a><\/audio>\n<p>&nbsp;<\/p>\n<p><strong>Programa 2. Agosto de 2021<\/strong><\/p>\n<p>En el segundo cap\u00edtulo de <a href=\"https:\/\/llevantactualitat.cat\/podcast-de-la-jungla-de-la-torre-amb-albert-jansa-i-jordi-salvat\/\"><em>La Jungla de la Torre<\/em><\/a>, entrevistamos a la escritora Mar\u00eda Dolores Garc\u00eda Pastor. Hablamos de su \u00faltimo libro, <em>El pasajero 2228<\/em>, de literatura, de Torredembarra y de muchas cosas m\u00e1s. Contaremos nuevamente con nuestros colaboradores: Guillem Bargall\u00f3 nos descubrir\u00e1 el primer torero catal\u00e1n, que era de la Torre; Gerard Recasens habla con la pol\u00edtica Nuria G\u00f3mez y Ana Merino recomendar\u00e1 un libro a la invitada.<\/p>\n<p><img loading=\"lazy\" decoding=\"async\" class=\"alignnone size-medium wp-image-10425\" src=\"https:\/\/llevantactualitat.cat\/wp-content\/uploads\/2021\/08\/lola-garcia-horit-300x241.jpg\" alt=\"\" width=\"300\" height=\"241\"><\/p>\n<audio class=\"wp-audio-shortcode\" id=\"audio-26281-16\" preload=\"none\" style=\"width: 100%;\" controls=\"controls\"><source type=\"audio\/mpeg\" src=\"https:\/\/llevantactualitat.cat\/wp-content\/uploads\/2021\/08\/2-la-jungla-de-la-torre-agost-2021-maria-dolores-garcia-pastor-1.mp3?_=16\" \/><a href=\"https:\/\/llevantactualitat.cat\/wp-content\/uploads\/2021\/08\/2-la-jungla-de-la-torre-agost-2021-maria-dolores-garcia-pastor-1.mp3\">https:\/\/llevantactualitat.cat\/wp-content\/uploads\/2021\/08\/2-la-jungla-de-la-torre-agost-2021-maria-dolores-garcia-pastor-1.mp3<\/a><\/audio>\n<p>&nbsp;<\/p>\n<p style=\"text-align: left;\"><strong>Programa 1. Julio de 2021<\/strong><\/p>\n<p>En el primer cap\u00edtulo de <em>La Jungla de la Torre<\/em>, entrevistamos al jefe de la oposici\u00f3n al Ayuntamiento de Torredembarra, Vale Pino. El pol\u00edtico socialista recibir\u00e1 una llamada inesperada, adem\u00e1s de responder preguntas, algunas un poco inc\u00f3modas. Contaremos con nuestros colaboradores: Guillem Bargall\u00f3 nos descubrir\u00e1 de una visita real en Torredembarra el 1956, Gerard Recasens habla con la atleta Berta Castells y Ana Merino recomendar\u00e1 un libro al invitado.<\/p>\n<p><img loading=\"lazy\" decoding=\"async\" class=\"alignnone size-medium wp-image-9843\" src=\"https:\/\/llevantactualitat.cat\/wp-content\/uploads\/2021\/07\/podcast-2-300x200.jpg\" alt=\"\" width=\"300\" height=\"200\"><\/p>\n<audio class=\"wp-audio-shortcode\" id=\"audio-26281-17\" preload=\"none\" style=\"width: 100%;\" controls=\"controls\"><source type=\"audio\/mpeg\" src=\"https:\/\/llevantactualitat.cat\/wp-content\/uploads\/2021\/07\/1-la-jungla-de-la-torre-juliol-2021.mp3?_=17\" \/><a href=\"https:\/\/llevantactualitat.cat\/wp-content\/uploads\/2021\/07\/1-la-jungla-de-la-torre-juliol-2021.mp3\">https:\/\/llevantactualitat.cat\/wp-content\/uploads\/2021\/07\/1-la-jungla-de-la-torre-juliol-2021.mp3<\/a><\/audio>\n<p>&nbsp;<\/p>\n","protected":false},"excerpt":{"rendered":"<p>&#8216;La Jungla de la Torre&#8217; es el primer podcast del Torredembarra Actualitat, conducido por los periodistas Albert Jans\u00e0 y Jordi Salvat. Se trata de un espacio de radio ameno donde la actualidad local se mezcla con buen sentido del humor y el entretenimiento. Adem\u00e1s de los conductores del programa, la &#8216;Jungla de la Torre&#8217; cuenta con los colaboradores Guillem Bargall\u00f3, con la secci\u00f3n &#8216;Tal dia far\u00e0 un any&#8217;; Gerard Recasens, con &#8216;Els reis de la jungla&#8217;, y Anna Merino, con &#8216;El llibre de la selva&#8217;.<\/p>\n","protected":false},"author":4,"featured_media":23877,"parent":0,"menu_order":0,"comment_status":"closed","ping_status":"closed","template":"","meta":{"_et_pb_use_builder":"","_et_pb_old_content":"","_et_gb_content_width":"","inline_featured_image":false,"footnotes":""},"dipi_cpt_category":[],"class_list":["post-26281","page","type-page","status-publish","has-post-thumbnail","hentry"],"_links":{"self":[{"href":"https:\/\/llevantactualitat.cat\/es\/wp-json\/wp\/v2\/pages\/26281","targetHints":{"allow":["GET"]}}],"collection":[{"href":"https:\/\/llevantactualitat.cat\/es\/wp-json\/wp\/v2\/pages"}],"about":[{"href":"https:\/\/llevantactualitat.cat\/es\/wp-json\/wp\/v2\/types\/page"}],"author":[{"embeddable":true,"href":"https:\/\/llevantactualitat.cat\/es\/wp-json\/wp\/v2\/users\/4"}],"replies":[{"embeddable":true,"href":"https:\/\/llevantactualitat.cat\/es\/wp-json\/wp\/v2\/comments?post=26281"}],"version-history":[{"count":0,"href":"https:\/\/llevantactualitat.cat\/es\/wp-json\/wp\/v2\/pages\/26281\/revisions"}],"wp:featuredmedia":[{"embeddable":true,"href":"https:\/\/llevantactualitat.cat\/es\/wp-json\/wp\/v2\/media\/23877"}],"wp:attachment":[{"href":"https:\/\/llevantactualitat.cat\/es\/wp-json\/wp\/v2\/media?parent=26281"}],"wp:term":[{"taxonomy":"dipi_cpt_category","embeddable":true,"href":"https:\/\/llevantactualitat.cat\/es\/wp-json\/wp\/v2\/dipi_cpt_category?post=26281"}],"curies":[{"name":"wp","href":"https:\/\/api.w.org\/{rel}","templated":true}]}}